{"id":20,"date":"2022-02-17T16:18:17","date_gmt":"2022-02-17T16:18:17","guid":{"rendered":"https:\/\/dev.reftec.se\/?page_id=20"},"modified":"2022-11-03T17:32:32","modified_gmt":"2022-11-03T17:32:32","slug":"20-2","status":"publish","type":"page","link":"https:\/\/reftec.se\/","title":{"rendered":""},"content":{"rendered":"\n<figure class=\"wp-block-image aligncenter size-full is-resized\"><img loading=\"lazy\" decoding=\"async\" src=\"https:\/\/reftec.se\/wp-content\/uploads\/2022\/02\/Reftec_text_web.png\" alt=\"\" class=\"wp-image-8\" width=\"480\" height=\"200\"\/><\/figure>\n\n\n\n<div class=\"wp-block-cover alignwide\"><span aria-hidden=\"true\" class=\"wp-block-cover__background has-background-dim\"><\/span><img decoding=\"async\" class=\"wp-block-cover__image-background wp-image-15\" alt=\"\" src=\"https:\/\/reftec.se\/wp-content\/uploads\/2022\/02\/utnarm-1024x414.jpg\" data-object-fit=\"cover\"\/><div class=\"wp-block-cover__inner-container is-layout-flow wp-block-cover-is-layout-flow\">\n<p class=\"has-text-align-center has-cyan-bluish-gray-color has-text-color has-medium-font-size\">F\u00f6reningen Reftec \u00e4r en sammanslutning f\u00f6r Sveriges sju st\u00f6rsta teknologk\u00e5rer (Chalmers studentk\u00e5r, Tekniska H\u00f6gskolans Studentk\u00e5r, Link\u00f6pings Teknologers studentk\u00e5r, Teknologk\u00e5ren vid Lunds Tekniska H\u00f6gskola, Teknologk\u00e5ren vid Lule\u00e5 tekniska universitet, Ume\u00e5 naturvetar- och teknologk\u00e5r, Uppsala teknolog och naturvetark\u00e5r) och arbetar med att koordinera k\u00e5rernas studentfackliga och arbetsmarknadspolitiska verksamhet. Reftec representerar cirka 70 000 studenter vilket motsvarar ungef\u00e4r 1\/5 av de h\u00f6gskolestuderande i Sverige. Reftecs styrelse best\u00e5r av k\u00e5rordf\u00f6randena fr\u00e5n de sju medlemsk\u00e5rerna.<\/p>\n<\/div><\/div>\n\n\n\n<div class=\"wp-block-group alignwide is-layout-flow wp-block-group-is-layout-flow\">\n<hr class=\"wp-block-separator has-css-opacity alignwide is-style-wide\"\/>\n<\/div>\n\n\n\n<h2 class=\"has-text-align-center wp-block-heading\" id=\"grupperna\">Grupperna<\/h2>\n\n\n\n<div class=\"wp-block-columns alignwide is-layout-flex wp-container-core-columns-is-layout-28f84493 wp-block-columns-is-layout-flex\">\n<div class=\"wp-block-column is-layout-flow wp-block-column-is-layout-flow\">\n<h5 style=\"text-align: center;\">KORK<\/h5>\n<p style=\"text-align: center;\">K\u00e5rordf\u00f6randes r\u00e5dskonferens. Reftecs styrelse, men utbyter ocks\u00e5 erfarenheter och \u00e4r ett st\u00f6d f\u00f6r varandra i rollen som k\u00e5rordf\u00f6rande.<\/p>\n<\/div>\n\n\n\n<div class=\"wp-block-column is-layout-flow wp-block-column-is-layout-flow\">\n<h5 style=\"text-align: center;\">VORK<\/h5>\n<p style=\"text-align: center;\">Vice ordf\u00f6randes r\u00e5dskonferens. Diskuterar budget-, avtals- och f\u00f6rvaltningsfr\u00e5gor.<\/p>\n<\/div>\n<\/div>\n\n\n\n<div class=\"wp-block-columns alignwide is-layout-flex wp-container-core-columns-is-layout-28f84493 wp-block-columns-is-layout-flex\">\n<div class=\"wp-block-column is-layout-flow wp-block-column-is-layout-flow\">\n<h5 style=\"text-align: center;\">RUBIK<\/h5>\n<p style=\"text-align: center;\">Reftecs utbildnings- och internationaliseringskommitt\u00e9. Diskuterar internationella och nationella utbildningsfr\u00e5gor samt utbytesprogram.<\/p>\n<\/div>\n\n\n\n<div class=\"wp-block-column is-layout-flow wp-block-column-is-layout-flow\">\n<h5 style=\"text-align: center;\">ARG<\/h5>\n<p style=\"text-align: center;\">Sveriges teknologers arbetsmarknadsgrupp. Diskuterar arbetsmarknadsarrangemang, praktik och examensarbetesfr\u00e5gor.<\/p>\n<\/div>\n\n\n\n<div class=\"wp-block-column is-layout-flow wp-block-column-is-layout-flow\">\n<h5 style=\"text-align: center;\">STORK<\/h5>\n<p style=\"text-align: center;\">Studiesociala ordf\u00f6randenas r\u00e5dskonferens. Diskuterar studiesociala fr\u00e5gor.<\/p>\n<\/div>\n<\/div>\n\n\n\n<div class=\"wp-block-columns alignwide is-layout-flex wp-container-core-columns-is-layout-28f84493 wp-block-columns-is-layout-flex\">\n<div class=\"wp-block-column is-layout-flow wp-block-column-is-layout-flow\">\n<h5 style=\"text-align: center;\">STARK<\/h5>\n<p style=\"text-align: center;\">R\u00e5dskonferens f\u00f6r de som jobbar med fr\u00e5gor r\u00f6rande fritidsverksamhet, exempelvis, alkohol, evenemang och mottagning.<\/p>\n<\/div>\n\n\n\n<div class=\"wp-block-column is-layout-flow wp-block-column-is-layout-flow\">\n<h5 style=\"text-align: center;\">INTORK<\/h5>\n<p style=\"text-align: center;\">Informationsansvarigas, kommunikat\u00f6rers och tidningsredakt\u00f6rers r\u00e5dskonferens. Diskuterar marknadsf\u00f6ring, informationsspridning, k\u00e5rtidningsfr\u00e5gor och utbyter id\u00e9er.<\/p>\n<\/div>\n<\/div>\n\n\n\n<hr class=\"wp-block-separator has-css-opacity alignwide is-style-wide\"\/>\n\n\n\n<h2 class=\"has-text-align-center wp-block-heading\" id=\"medlemskarerna\">Medlemsk\u00e5rerna<\/h2>\n\n\n\n<div class=\"wp-block-columns alignwide is-layout-flex wp-container-core-columns-is-layout-28f84493 wp-block-columns-is-layout-flex\">\n<div class=\"wp-block-column is-vertically-aligned-top is-layout-flow wp-block-column-is-layout-flow\">\n<figure class=\"wp-block-image aligncenter size-full is-resized is-style-default\"><img loading=\"lazy\" decoding=\"async\" src=\"https:\/\/reftec.se\/wp-content\/uploads\/2022\/02\/chs.png\" alt=\"\" class=\"wp-image-14\" width=\"200\" height=\"200\"\/><figcaption class=\"wp-element-caption\"><strong>Chalmers Tekniska H\u00f6gskola<\/strong> <a href=\"https:\/\/chalmersstudentkar.se\/\" target=\"_blank\" rel=\"noreferrer noopener\">https:\/\/chalmersstudentkar.se\/<\/a><\/figcaption><\/figure>\n<\/div>\n\n\n\n<div class=\"wp-block-column is-layout-flow wp-block-column-is-layout-flow\">\n<figure class=\"wp-block-image aligncenter size-full is-resized\"><img loading=\"lazy\" decoding=\"async\" src=\"https:\/\/reftec.se\/wp-content\/uploads\/2022\/02\/lintek.png\" alt=\"\" class=\"wp-image-13\" width=\"200\" height=\"200\"\/><figcaption class=\"wp-element-caption\"><strong>Link\u00f6ping Universitet<\/strong><br><a href=\"http:\/\/lintek.liu.se\/\" target=\"_blank\" rel=\"noreferrer noopener\">http:\/\/lintek.liu.se\/<\/a><\/figcaption><\/figure>\n<\/div>\n\n\n\n<div class=\"wp-block-column is-layout-flow wp-block-column-is-layout-flow\">\n<figure class=\"wp-block-image aligncenter size-full is-resized\"><img loading=\"lazy\" decoding=\"async\" src=\"https:\/\/reftec.se\/wp-content\/uploads\/2022\/02\/ths.png\" alt=\"\" class=\"wp-image-18\" width=\"200\" height=\"200\"\/><figcaption class=\"wp-element-caption\"><strong>Kungliga tekniska h\u00f6gskolan<\/strong> <br><a href=\"https:\/\/ths.kth.se\/\" target=\"_blank\" rel=\"noreferrer noopener\">https:\/\/ths.kth.se\/<\/a><\/figcaption><\/figure>\n<\/div>\n<\/div>\n\n\n\n<div class=\"wp-block-columns alignwide is-layout-flex wp-container-core-columns-is-layout-28f84493 wp-block-columns-is-layout-flex\">\n<div class=\"wp-block-column is-layout-flow wp-block-column-is-layout-flow\">\n<figure class=\"wp-block-image aligncenter size-full is-resized\"><img loading=\"lazy\" decoding=\"async\" src=\"https:\/\/reftec.se\/wp-content\/uploads\/2022\/11\/lulea-1.png\" alt=\"\" class=\"wp-image-79\" width=\"200\" height=\"200\" srcset=\"https:\/\/reftec.se\/wp-content\/uploads\/2022\/11\/lulea-1.png 625w, https:\/\/reftec.se\/wp-content\/uploads\/2022\/11\/lulea-1-300x300.png 300w, https:\/\/reftec.se\/wp-content\/uploads\/2022\/11\/lulea-1-150x150.png 150w\" sizes=\"auto, (max-width: 200px) 100vw, 200px\" \/><figcaption class=\"wp-element-caption\"><strong>Lule\u00e5 tekniska universitet<\/strong> <br><a href=\"https:\/\/teknologkaren.se\/\" target=\"_blank\" rel=\"noreferrer noopener\">https:\/\/teknologkaren.se\/<\/a><\/figcaption><\/figure>\n<\/div>\n\n\n\n<div class=\"wp-block-column is-layout-flow wp-block-column-is-layout-flow\">\n<figure class=\"wp-block-image aligncenter size-full is-resized\"><img loading=\"lazy\" decoding=\"async\" src=\"https:\/\/reftec.se\/wp-content\/uploads\/2022\/02\/tlth.png\" alt=\"\" class=\"wp-image-17\" width=\"200\" height=\"200\"\/><figcaption class=\"wp-element-caption\"><strong>Lunds tekniska h\u00f6gskola<\/strong> <br><a href=\"https:\/\/www.tlth.se\/\" target=\"_blank\" rel=\"noreferrer noopener\">https:\/\/www.tlth.se\/<\/a><\/figcaption><\/figure>\n<\/div>\n\n\n\n<div class=\"wp-block-column is-layout-flow wp-block-column-is-layout-flow\">\n<figure class=\"wp-block-image aligncenter size-full is-resized\"><img loading=\"lazy\" decoding=\"async\" src=\"https:\/\/reftec.se\/wp-content\/uploads\/2022\/02\/utn.png\" alt=\"\" class=\"wp-image-16\" width=\"200\" height=\"200\"\/><figcaption class=\"wp-element-caption\">Uppsala Universitet <br><a href=\"https:\/\/www.utn.se\/\" target=\"_blank\" rel=\"noreferrer noopener\">https:\/\/www.utn.se\/<\/a><\/figcaption><\/figure>\n<\/div>\n<\/div>\n\n\n\n<figure class=\"wp-block-image aligncenter size-full is-resized\"><img loading=\"lazy\" decoding=\"async\" src=\"https:\/\/reftec.se\/wp-content\/uploads\/2022\/02\/ntk.png\" alt=\"\" class=\"wp-image-19\" width=\"200\" height=\"200\"\/><figcaption class=\"wp-element-caption\">Ume\u00e5 Universitet <br><a href=\"https:\/\/www.ntkumea.se\/\" target=\"_blank\" rel=\"noreferrer noopener\">https:\/\/www.ntkumea.se\/<\/a><\/figcaption><\/figure>\n","protected":false},"excerpt":{"rendered":"<p>Grupperna KORK K\u00e5rordf\u00f6randes r\u00e5dskonferens. Reftecs styrelse, men utbyter ocks\u00e5 erfarenheter och \u00e4r ett st\u00f6d f\u00f6r varandra i rollen som k\u00e5rordf\u00f6rande. VORK Vice ordf\u00f6randes r\u00e5dskonferens. Diskuterar budget-, avtals- och f\u00f6rvaltningsfr\u00e5gor. RUBIK Reftecs utbildnings- och internationaliseringskommitt\u00e9. Diskuterar internationella och nationella utbildningsfr\u00e5gor samt utbytesprogram. ARG Sveriges teknologers arbetsmarknadsgrupp. Diskuterar arbetsmarknadsarrangemang, praktik och examensarbetesfr\u00e5gor. STORK Studiesociala ordf\u00f6randenas r\u00e5dskonferens. Diskuterar [&hellip;]<\/p>\n","protected":false},"author":2,"featured_media":0,"parent":0,"menu_order":0,"comment_status":"closed","ping_status":"closed","template":"","meta":{"footnotes":""},"class_list":["post-20","page","type-page","status-publish","hentry"],"yoast_head":"<!-- This site is optimized with the Yoast SEO plugin v27.5 - https:\/\/yoast.com\/product\/yoast-seo-wordpress\/ -->\n<title>- Sveriges Teknologk\u00e5rer i Samverkan<\/title>\n<meta name=\"robots\" content=\"index, follow, max-snippet:-1, max-image-preview:large, max-video-preview:-1\" \/>\n<link rel=\"canonical\" href=\"https:\/\/reftec.se\/\" \/>\n<meta property=\"og:locale\" content=\"en_US\" \/>\n<meta property=\"og:type\" content=\"article\" \/>\n<meta property=\"og:title\" content=\"- Sveriges Teknologk\u00e5rer i Samverkan\" \/>\n<meta property=\"og:description\" content=\"Grupperna KORK K\u00e5rordf\u00f6randes r\u00e5dskonferens. Reftecs styrelse, men utbyter ocks\u00e5 erfarenheter och \u00e4r ett st\u00f6d f\u00f6r varandra i rollen som k\u00e5rordf\u00f6rande. VORK Vice ordf\u00f6randes r\u00e5dskonferens. Diskuterar budget-, avtals- och f\u00f6rvaltningsfr\u00e5gor. RUBIK Reftecs utbildnings- och internationaliseringskommitt\u00e9. Diskuterar internationella och nationella utbildningsfr\u00e5gor samt utbytesprogram. ARG Sveriges teknologers arbetsmarknadsgrupp. Diskuterar arbetsmarknadsarrangemang, praktik och examensarbetesfr\u00e5gor. STORK Studiesociala ordf\u00f6randenas r\u00e5dskonferens. Diskuterar [&hellip;]\" \/>\n<meta property=\"og:url\" content=\"https:\/\/reftec.se\/\" \/>\n<meta property=\"og:site_name\" content=\"Sveriges Teknologk\u00e5rer i Samverkan\" \/>\n<meta property=\"article:modified_time\" content=\"2022-11-03T17:32:32+00:00\" \/>\n<meta property=\"og:image\" content=\"https:\/\/reftec.se\/wp-content\/uploads\/2022\/02\/Reftec_text_web.png\" \/>\n<meta name=\"twitter:card\" content=\"summary_large_image\" \/>\n<meta name=\"twitter:label1\" content=\"Est. reading time\" \/>\n\t<meta name=\"twitter:data1\" content=\"3 minutes\" \/>\n<script type=\"application\/ld+json\" class=\"yoast-schema-graph\">{\"@context\":\"https:\\\/\\\/schema.org\",\"@graph\":[{\"@type\":\"WebPage\",\"@id\":\"https:\\\/\\\/reftec.se\\\/\",\"url\":\"https:\\\/\\\/reftec.se\\\/\",\"name\":\"- Sveriges Teknologk\u00e5rer i Samverkan\",\"isPartOf\":{\"@id\":\"https:\\\/\\\/reftec.se\\\/#website\"},\"primaryImageOfPage\":{\"@id\":\"https:\\\/\\\/reftec.se\\\/#primaryimage\"},\"image\":{\"@id\":\"https:\\\/\\\/reftec.se\\\/#primaryimage\"},\"thumbnailUrl\":\"https:\\\/\\\/reftec.se\\\/wp-content\\\/uploads\\\/2022\\\/02\\\/Reftec_text_web.png\",\"datePublished\":\"2022-02-17T16:18:17+00:00\",\"dateModified\":\"2022-11-03T17:32:32+00:00\",\"inLanguage\":\"en-US\",\"potentialAction\":[{\"@type\":\"ReadAction\",\"target\":[\"https:\\\/\\\/reftec.se\\\/\"]}]},{\"@type\":\"ImageObject\",\"inLanguage\":\"en-US\",\"@id\":\"https:\\\/\\\/reftec.se\\\/#primaryimage\",\"url\":\"\",\"contentUrl\":\"\"},{\"@type\":\"WebSite\",\"@id\":\"https:\\\/\\\/reftec.se\\\/#website\",\"url\":\"https:\\\/\\\/reftec.se\\\/\",\"name\":\"Sveriges Teknologk\u00e5rer i Samverkan\",\"description\":\"Sveriges Studentk\u00e5rer i Samverkan\",\"publisher\":{\"@id\":\"https:\\\/\\\/reftec.se\\\/#organization\"},\"potentialAction\":[{\"@type\":\"SearchAction\",\"target\":{\"@type\":\"EntryPoint\",\"urlTemplate\":\"https:\\\/\\\/reftec.se\\\/?s={search_term_string}\"},\"query-input\":{\"@type\":\"PropertyValueSpecification\",\"valueRequired\":true,\"valueName\":\"search_term_string\"}}],\"inLanguage\":\"en-US\"},{\"@type\":\"Organization\",\"@id\":\"https:\\\/\\\/reftec.se\\\/#organization\",\"name\":\"Sveriges Teknologk\u00e5rer i Samverkan\",\"url\":\"https:\\\/\\\/reftec.se\\\/\",\"logo\":{\"@type\":\"ImageObject\",\"inLanguage\":\"en-US\",\"@id\":\"https:\\\/\\\/reftec.se\\\/#\\\/schema\\\/logo\\\/image\\\/\",\"url\":\"\",\"contentUrl\":\"\",\"caption\":\"Sveriges Teknologk\u00e5rer i Samverkan\"},\"image\":{\"@id\":\"https:\\\/\\\/reftec.se\\\/#\\\/schema\\\/logo\\\/image\\\/\"}}]}<\/script>\n<!-- \/ Yoast SEO plugin. -->","yoast_head_json":{"title":"- Sveriges Teknologk\u00e5rer i Samverkan","robots":{"index":"index","follow":"follow","max-snippet":"max-snippet:-1","max-image-preview":"max-image-preview:large","max-video-preview":"max-video-preview:-1"},"canonical":"https:\/\/reftec.se\/","og_locale":"en_US","og_type":"article","og_title":"- Sveriges Teknologk\u00e5rer i Samverkan","og_description":"Grupperna KORK K\u00e5rordf\u00f6randes r\u00e5dskonferens. Reftecs styrelse, men utbyter ocks\u00e5 erfarenheter och \u00e4r ett st\u00f6d f\u00f6r varandra i rollen som k\u00e5rordf\u00f6rande. VORK Vice ordf\u00f6randes r\u00e5dskonferens. Diskuterar budget-, avtals- och f\u00f6rvaltningsfr\u00e5gor. RUBIK Reftecs utbildnings- och internationaliseringskommitt\u00e9. Diskuterar internationella och nationella utbildningsfr\u00e5gor samt utbytesprogram. ARG Sveriges teknologers arbetsmarknadsgrupp. Diskuterar arbetsmarknadsarrangemang, praktik och examensarbetesfr\u00e5gor. STORK Studiesociala ordf\u00f6randenas r\u00e5dskonferens. Diskuterar [&hellip;]","og_url":"https:\/\/reftec.se\/","og_site_name":"Sveriges Teknologk\u00e5rer i Samverkan","article_modified_time":"2022-11-03T17:32:32+00:00","og_image":[{"url":"https:\/\/reftec.se\/wp-content\/uploads\/2022\/02\/Reftec_text_web.png","type":"","width":"","height":""}],"twitter_card":"summary_large_image","twitter_misc":{"Est. reading time":"3 minutes"},"schema":{"@context":"https:\/\/schema.org","@graph":[{"@type":"WebPage","@id":"https:\/\/reftec.se\/","url":"https:\/\/reftec.se\/","name":"- Sveriges Teknologk\u00e5rer i Samverkan","isPartOf":{"@id":"https:\/\/reftec.se\/#website"},"primaryImageOfPage":{"@id":"https:\/\/reftec.se\/#primaryimage"},"image":{"@id":"https:\/\/reftec.se\/#primaryimage"},"thumbnailUrl":"https:\/\/reftec.se\/wp-content\/uploads\/2022\/02\/Reftec_text_web.png","datePublished":"2022-02-17T16:18:17+00:00","dateModified":"2022-11-03T17:32:32+00:00","inLanguage":"en-US","potentialAction":[{"@type":"ReadAction","target":["https:\/\/reftec.se\/"]}]},{"@type":"ImageObject","inLanguage":"en-US","@id":"https:\/\/reftec.se\/#primaryimage","url":"","contentUrl":""},{"@type":"WebSite","@id":"https:\/\/reftec.se\/#website","url":"https:\/\/reftec.se\/","name":"Sveriges Teknologk\u00e5rer i Samverkan","description":"Sveriges Studentk\u00e5rer i Samverkan","publisher":{"@id":"https:\/\/reftec.se\/#organization"},"potentialAction":[{"@type":"SearchAction","target":{"@type":"EntryPoint","urlTemplate":"https:\/\/reftec.se\/?s={search_term_string}"},"query-input":{"@type":"PropertyValueSpecification","valueRequired":true,"valueName":"search_term_string"}}],"inLanguage":"en-US"},{"@type":"Organization","@id":"https:\/\/reftec.se\/#organization","name":"Sveriges Teknologk\u00e5rer i Samverkan","url":"https:\/\/reftec.se\/","logo":{"@type":"ImageObject","inLanguage":"en-US","@id":"https:\/\/reftec.se\/#\/schema\/logo\/image\/","url":"","contentUrl":"","caption":"Sveriges Teknologk\u00e5rer i Samverkan"},"image":{"@id":"https:\/\/reftec.se\/#\/schema\/logo\/image\/"}}]}},"_links":{"self":[{"href":"https:\/\/reftec.se\/index.php?rest_route=\/wp\/v2\/pages\/20","targetHints":{"allow":["GET"]}}],"collection":[{"href":"https:\/\/reftec.se\/index.php?rest_route=\/wp\/v2\/pages"}],"about":[{"href":"https:\/\/reftec.se\/index.php?rest_route=\/wp\/v2\/types\/page"}],"author":[{"embeddable":true,"href":"https:\/\/reftec.se\/index.php?rest_route=\/wp\/v2\/users\/2"}],"replies":[{"embeddable":true,"href":"https:\/\/reftec.se\/index.php?rest_route=%2Fwp%2Fv2%2Fcomments&post=20"}],"version-history":[{"count":2,"href":"https:\/\/reftec.se\/index.php?rest_route=\/wp\/v2\/pages\/20\/revisions"}],"predecessor-version":[{"id":80,"href":"https:\/\/reftec.se\/index.php?rest_route=\/wp\/v2\/pages\/20\/revisions\/80"}],"wp:attachment":[{"href":"https:\/\/reftec.se\/index.php?rest_route=%2Fwp%2Fv2%2Fmedia&parent=20"}],"curies":[{"name":"wp","href":"https:\/\/api.w.org\/{rel}","templated":true}]}}